{"id":8,"date":"2018-12-09T18:55:41","date_gmt":"2018-12-09T18:55:41","guid":{"rendered":"https:\/\/gm2019.de\/gm2019\/?page_id=8"},"modified":"2019-05-30T13:18:44","modified_gmt":"2019-05-30T13:18:44","slug":"startseite","status":"publish","type":"page","link":"https:\/\/gm2019.de\/gm2019\/","title":{"rendered":"Startseite"},"content":{"rendered":"<p>Willkommen auf der Webseite der German Masters 2019!<\/p>\n<p>Die Abteilung Ringen des TSV Ehningen l\u00e4dt als Ausrichter der &#8222;Veteranen-DM&#8220; vom 31. Mai bis zum 1. Juni 2019 ins Sportzentrum Schalkwiese. Wir laden Sie alle recht herzlich zu diesem einzigartigen Event in Ehningen ein!<\/p>\n<p><strong>TSV Ehningen Ringen Facebook Feed:<\/strong><\/p>\n\n<div class=\"cff-wrapper\"><div id=\"cff\" data-char=\"\" class=\" cff-default-styles\" ><div class=\"cff-item cff-status-post cff-album author-tsv-ehningen-ringen\" id=\"cff_161500680542902_1954338815725752\" ><div class=\"cff-author\"><div class=\"cff-author-text\"><p class=\"cff-page-name cff-author-date\" ><a href=\"https:\/\/facebook.com\/161500680542902\" target=\"_blank\" rel=\"nofollow noopener\" >TSV Ehningen Ringen<\/a><span class=\"cff-story\"> <\/span><\/p><p class=\"cff-date\" > 2 days ago <\/p><\/div><div class=\"cff-author-img\"><a href=\"https:\/\/facebook.com\/161500680542902\" target=\"_blank\" rel=\"nofollow noopener\" ><img src=\"https:\/\/scontent-fra3-2.xx.fbcdn.net\/v\/t39.30808-1\/293215750_789180002241645_3472233439037542251_n.jpg?stp=c25.0.670.670a_cp0_dst-jpg_s50x50_tt6&_nc_cat=104&ccb=1-7&_nc_sid=f907e8&_nc_ohc=WJDl52DVigwQ7kNvwEK_dFa&_nc_oc=AdpjGWenUCsi-ErCOwGxQmnMC1D78CXWocueF72IrLpykM9on99oggL7Id_XnmtR4Mc&_nc_zt=24&_nc_ht=scontent-fra3-2.xx&edm=AKIiGfEEAAAA&_nc_gid=PCcmyXVrphbCDuhCHzXLYg&_nc_tpa=Q5bMBQJmS_KqlBM0qFDmbNL3i4rjHopuR01ld9IJCxS9V3sSHuMTUQX8rRZIK6HrqkiGz9H7mER3nRj6Eg&oh=00_AQLgAotRoEght5cWFy4u_03fm-9VzkAwC_aYn5buSnmtNg&oe=6AA2E0C5\" title=\"TSV Ehningen Ringen\" alt=\"TSV Ehningen Ringen\" width=40 height=40 onerror=\"this.style.display='none'\"><\/a><\/div><\/div><p class=\"cff-post-text\" ><span class=\"cff-text\" data-color=\"\">Startschuss zur neuen Runde: Ehninger Ringer starten gegen den AB Aichhalden in die Oberligasaison<br \/> <br \/>Vor dem Saisonauftakt in der Oberliga W\u00fcrttemberg konnten wir mit dem Sportlichen Leiter der Ringer des TSV Ehningen Fabian Bendl \u00fcber seine Einsch\u00e4tzungen und Erwartungen sprechen. Am Samstag um 20 Uhr treffen sie ausw\u00e4rts auf den AB Aichhalden.<br \/>Das Interview f\u00fchrte Henri Schimmer.<br \/><br \/>Fabian Bendl, im letzten Kampf der vergangenen Saison konnte der TSV Herbrechtingen, der zu diesem Zeitpunkt schon als Aufsteiger feststand, in einem denkw\u00fcrdigen Saisonfinale besiegt werden. Konnten Sie diesen Schwung mit in die neue Saison nehmen?<br \/><br \/>Ja, das war wirklich ein gelungener Rundenabschluss! Diese Kampfabende sind f\u00fcr uns Ringer genauso wie f\u00fcr unsere Zuschauer ein absolutes Highlight, die Schalkwiesenhalle hat gekocht. In den vielen Trainingseinheiten der Vorbereitung war das immer wieder ein Ansporn.<br \/><br \/>Wie sah diese Vorbereitung aus?<br \/><br \/>Wir haben den Juli und August daf\u00fcr intensiv genutzt. Zun\u00e4chst hat unser Trainerteam den Schwerpunkt auf die physischen Grundlagen gelegt. Sp\u00e4ter hat sich dieser dann mehr auf das Ringerische verschoben. Wir hatten zwei Trainingslager in unserer heimischen Trainingshalle, bevor wir f\u00fcr das dritte und wahrscheinlich intensivste ein Wochenende im \u00f6sterreichischen G\u00f6tzis verbracht haben. Die hervorragenden Trainingsbedingungen dort haben wir f\u00fcr den letzten Feinschliff und ein wenig Teambuilding genutzt. Hinzu kommen die drei regul\u00e4ren Trainingseinheiten unter der Woche. Zum Abschluss hatten wir am vergangenen Samstag unsere Freunde vom ASV Nendingen zu Gast. Gemeinsam mit ihnen haben wir Trainingsk\u00e4mpfe unter Wettkampfbedingungen durchgef\u00fchrt. Unterm Strich sind unsere Jungs also top vorbereitet f\u00fcr die Runde.<br \/><br \/>Gab es beim Kader Ver\u00e4nderungen zur letzten Saison?<br \/><br \/>Insgesamt konnten wir unseren Kader gut zusammenhalten. Besonders wichtig sind hier unsere langj\u00e4hrigen S\u00e4ulen wie Kai R\u00f6sch, Constatin Bulibasa und andere. Leider mussten wir uns aber von Marcel Flick verabschieden. Er hat sich f\u00fcr die kommende Runde der SG Weilimdorf und ihrem Abenteuer Bundesliga angeschlossen. Diese L\u00fccke k\u00f6nnen wir aber mit eigenen Sportlern decken. Neu im Kader ist daf\u00fcr Daniel Sandu. Er kommt aus Rum\u00e4nien und ist dort Teil der Nationalmannschaft. Im Nachwuchsbereich konnte er einige internationale Medaillen gewinnen und schlie\u00dft in der Gewichtsklasse bis 66 Kilogramm Freistil eine L\u00fccke. Daneben wollen wir weiterhin unsere Nachwuchssportler in den Aktivenkader integrieren.<br \/><br \/>Die letzten Runden wurden allesamt im Mittelfeld der Tabelle beendet. Mit welchen Erwartungen gehen Sie in die neue Saison?<br \/><br \/>Das ist auch dieses Jahr wieder der Anspruch. Wir sind in Ehningen sehr stolz auf unser ruhiges, aber sehr verl\u00e4ssliches Vereinsumfeld, mit dem wir uns seit \u00fcber 20 Jahren auf diesem Niveau halten k\u00f6nnen. Abseits davon ist die Liga mit den beiden Aufsteigern R\u00f6hlingen und Aalen sicherlich nicht schw\u00e4cher geworden. Auch der SC Korb hat sich mit dem SV Fellbach zur KG Rems-L\u00f6wen zusammengeschlossen, damit haben sie Zugriff auf einen noch breiteren Kader. An der Tabellenspitze sehe ich den Aufsteiger Aalen zusammen mit Winzeln und unseren Auftaktgegner Aichhalden. Aichhalden und Winzeln haben im letzten Jahr beide knapp den Aufstieg verpasst. Das wollen die beiden Mannschaften jetzt sicherlich nachholen. Unsere Einstellung bleibt: In jedem Kampf alles geben und auch vor vermeintlichen Favoriten nicht zur\u00fcckschrecken.<br \/><br \/>Sie haben es gesagt, zum Auftakt treffen sie auf den AB Aichhalden. Worauf k\u00f6nnen sich die Ausw\u00e4rtsfahrer freuen?<br \/><br \/>Da steht direkt ein echter Brocken an. Die Aichhaldener haben traditionell ein starkes Fundament mit einigen Topathleten. Dazu kommt das lautstarke Heimpublikum. Ich rechne aber mit einem engen Kampf, wo es besonders auf die Schl\u00fcsselk\u00e4mpfe in den mittleren Gewichtsklassen ankommen wird. Bis 75 Kilogramm griechisch-r\u00f6misch waren letztes Jahr beispielsweise zwei enge und packende K\u00e4mpfe. Ein Mannschaftspunkt in die eine oder andere Richtung macht da oft einen gro\u00dfen Unterschied.<br \/><br \/>Zum Schluss noch ein Blick auf die zweite Mannschaft in der Landesklasse, hier gab es eine Umstellung der Ligeneinteilung. Wie sieht diese aus?<br \/><br \/>Diese \u00c4nderung kommt uns sehr entgegen: Die Liga ist jetzt in zwei Staffeln geteilt, wobei in unserer Staffel alle Zweitvertretungen der Oberligateams zusammengefasst sind. Das verspricht viele gemeinsame Kampfabende f\u00fcr unsere beiden Mannschaften mit Vor- und Hauptkampf gegen denselben Verein. Neben der gegenseitigen Unterst\u00fctzung am Mattenrand erhoffen wir uns vor allem auch viele Ausw\u00e4rtsfahrer, die noch mehr Stimmung in die Hallen bringen. Sportlich hat unser Coach Marc Luithle viel Zeit in unsere Zweite investiert, um sie weiter an die Tabellenspitze zu bringen. F\u00fcr sie beginnt die Saison aber erst etwas sp\u00e4ter, n\u00e4mlich am 19. September ausw\u00e4rts gegen den KSV Neckarweihingen.<br \/><br \/>Herzlichen Dank f\u00fcr das Interview! <\/span><span class=\"cff-expand\">... <a href=\"#\" style=\"color: #\"><span class=\"cff-more\"><\/span><span class=\"cff-less\"><\/span><\/a><\/span><\/p><p class=\"cff-media-link\"><a href=\"https:\/\/www.facebook.com\/790358508790461\/posts\/1954338815725752\" target=\"_blank\" style=\"color: #;\"><span style=\"padding-right: 5px;\" class=\"fa fas fa-picture-o fa-image\" aria-hidden=\"true\"><\/span>Photo<\/a><\/p><div class=\"cff-post-links\"><a class=\"cff-viewpost-facebook\" href=\"https:\/\/www.facebook.com\/790358508790461\/posts\/1954338815725752\" title=\"View on Facebook\" target=\"_blank\" rel=\"nofollow noopener\" >View on Facebook<\/a><div class=\"cff-share-container\"><span class=\"cff-dot\" >&middot;<\/span><a class=\"cff-share-link\" href=\"https:\/\/www.facebook.com\/sharer\/sharer.php?u=https%3A%2F%2Fwww.facebook.com%2F790358508790461%2Fposts%2F1954338815725752\" title=\"Share\" >Share<\/a><p class='cff-share-tooltip'><a href='https:\/\/www.facebook.com\/sharer\/sharer.php?u=https%3A%2F%2Fwww.facebook.com%2F790358508790461%2Fposts%2F1954338815725752' target='_blank' class='cff-facebook-icon'><span class='fa fab fa-facebook-square' aria-hidden='true'><\/span><span class='cff-screenreader'>Share on Facebook<\/span><\/a><a href='https:\/\/twitter.com\/intent\/tweet?text=https%3A%2F%2Fwww.facebook.com%2F790358508790461%2Fposts%2F1954338815725752' target='_blank' class='cff-twitter-icon'><span class='fa fab fa-twitter' aria-hidden='true'><\/span><span class='cff-screenreader'>Share on Twitter<\/span><\/a><a href='https:\/\/www.linkedin.com\/shareArticle?mini=true&amp;url=https%3A%2F%2Fwww.facebook.com%2F790358508790461%2Fposts%2F1954338815725752&amp;title=Startschuss%20zur%20neuen%20Runde%3A%20Ehninger%20Ringer%20starten%20gegen%20den%20AB%20Aichhalden%20in%20die%20Oberligasaison%20Vor%20dem%20Saisonauftakt%20in%20der%20Oberliga%20W%C3%BCrttemberg%20konnten%20wir%20mit%20dem%20Sportlichen%20Leiter%20der%20Ringer%20des%20TSV%20Ehningen%20Fabian%20Bendl%20%C3%BCber%20seine%20Einsch%C3%A4tzungen%20und%20Erwartungen%20sprechen.%20Am%20Samstag%20um%2020%20Uhr%20treffen%20sie%20ausw%C3%A4rts%20auf%20den%20AB%20Aichhalden.Das%20Interview%20f%C3%BChrte%20Henri%20Schimmer.Fabian%20Bendl%2C%20im%20letzten%20Kampf%20der%20vergangenen%20Saison%20konnte%20der%20TSV%20Herbrechtingen%2C%20der%20zu%20diesem%20Zeitpunkt%20schon%20als%20Aufsteiger%20feststand%2C%20in%20einem%20denkw%C3%BCrdigen%20Saisonfinale%20besiegt%20werden.%20Konnten%20Sie%20diesen%20Schwung%20mit%20in%20die%20neue%20Saison%20nehmen%3FJa%2C%20das%20war%20wirklich%20ein%20gelungener%20Rundenabschluss%21%20Diese%20Kampfabende%20sind%20f%C3%BCr%20uns%20Ringer%20genauso%20wie%20f%C3%BCr%20unsere%20Zuschauer%20ein%20absolutes%20Highlight%2C%20die%20Schalkwiesenhalle%20hat%20gekocht.%20In%20den%20vielen%20Trainingseinheiten%20der%20Vorbereitung%20war%20das%20immer%20wieder%20ein%20Ansporn.Wie%20sah%20diese%20Vorbereitung%20aus%3FWir%20haben%20den%20Juli%20und%20August%20daf%C3%BCr%20intensiv%20genutzt.%20Zun%C3%A4chst%20hat%20unser%20Trainerteam%20den%20Schwerpunkt%20auf%20die%20physischen%20Grundlagen%20gelegt.%20Sp%C3%A4ter%20hat%20sich%20dieser%20dann%20mehr%20auf%20das%20Ringerische%20verschoben.%20Wir%20hatten%20zwei%20Trainingslager%20in%20unserer%20heimischen%20Trainingshalle%2C%20bevor%20wir%20f%C3%BCr%20das%20dritte%20und%20wahrscheinlich%20intensivste%20ein%20Wochenende%20im%20%C3%B6sterreichischen%20G%C3%B6tzis%20verbracht%20haben.%20Die%20hervorragenden%20Trainingsbedingungen%20dort%20haben%20wir%20f%C3%BCr%20den%20letzten%20Feinschliff%20und%20ein%20wenig%20Teambuilding%20genutzt.%20Hinzu%20kommen%20die%20drei%20regul%C3%A4ren%20Trainingseinheiten%20unter%20der%20Woche.%20Zum%20Abschluss%20hatten%20wir%20am%20vergangenen%20Samstag%20unsere%20Freunde%20vom%20ASV%20Nendingen%20zu%20Gast.%20Gemeinsam%20mit%20ihnen%20haben%20wir%20Trainingsk%C3%A4mpfe%20unter%20Wettkampfbedingungen%20durchgef%C3%BChrt.%20Unterm%20Strich%20sind%20unsere%20Jungs%20also%20top%20vorbereitet%20f%C3%BCr%20die%20Runde.Gab%20es%20beim%20Kader%20Ver%C3%A4nderungen%20zur%20letzten%20Saison%3FInsgesamt%20konnten%20wir%20unseren%20Kader%20gut%20zusammenhalten.%20Besonders%20wichtig%20sind%20hier%20unsere%20langj%C3%A4hrigen%20S%C3%A4ulen%20wie%20Kai%20R%C3%B6sch%2C%20Constatin%20Bulibasa%20und%20andere.%20Leider%20mussten%20wir%20uns%20aber%20von%20Marcel%20Flick%20verabschieden.%20Er%20hat%20sich%20f%C3%BCr%20die%20kommende%20Runde%20der%20SG%20Weilimdorf%20und%20ihrem%20Abenteuer%20Bundesliga%20angeschlossen.%20Diese%20L%C3%BCcke%20k%C3%B6nnen%20wir%20aber%20mit%20eigenen%20Sportlern%20decken.%20Neu%20im%20Kader%20ist%20daf%C3%BCr%20Daniel%20Sandu.%20Er%20kommt%20aus%20Rum%C3%A4nien%20und%20ist%20dort%20Teil%20der%20Nationalmannschaft.%20Im%20Nachwuchsbereich%20konnte%20er%20einige%20internationale%20Medaillen%20gewinnen%20und%20schlie%C3%9Ft%20in%20der%20Gewichtsklasse%20bis%2066%20Kilogramm%20Freistil%20eine%20L%C3%BCcke.%20Daneben%20wollen%20wir%20weiterhin%20unsere%20Nachwuchssportler%20in%20den%20Aktivenkader%20integrieren.Die%20letzten%20Runden%20wurden%20allesamt%20im%20Mittelfeld%20der%20Tabelle%20beendet.%20Mit%20welchen%20Erwartungen%20gehen%20Sie%20in%20die%20neue%20Saison%3FDas%20ist%20auch%20dieses%20Jahr%20wieder%20der%20Anspruch.%20Wir%20sind%20in%20Ehningen%20sehr%20stolz%20auf%20unser%20ruhiges%2C%20aber%20sehr%20verl%C3%A4ssliches%20Vereinsumfeld%2C%20mit%20dem%20wir%20uns%20seit%20%C3%BCber%2020%20Jahren%20auf%20diesem%20Niveau%20halten%20k%C3%B6nnen.%20Abseits%20davon%20ist%20die%20Liga%20mit%20den%20beiden%20Aufsteigern%20R%C3%B6hlingen%20und%20Aalen%20sicherlich%20nicht%20schw%C3%A4cher%20geworden.%20Auch%20der%20SC%20Korb%20hat%20sich%20mit%20dem%20SV%20Fellbach%20zur%20KG%20Rems-L%C3%B6wen%20zusammengeschlossen%2C%20damit%20haben%20sie%20Zugriff%20auf%20einen%20noch%20breiteren%20Kader.%20An%20der%20Tabellenspitze%20sehe%20ich%20den%20Aufsteiger%20Aalen%20zusammen%20mit%20Winzeln%20und%20unseren%20Auftaktgegner%20Aichhalden.%20Aichhalden%20und%20Winzeln%20haben%20im%20letzten%20Jahr%20beide%20knapp%20den%20Aufstieg%20verpasst.%20Das%20wollen%20die%20beiden%20Mannschaften%20jetzt%20sicherlich%20nachholen.%20Unsere%20Einstellung%20bleibt%3A%20In%20jedem%20Kampf%20alles%20geben%20und%20auch%20vor%20vermeintlichen%20Favoriten%20nicht%20zur%C3%BCckschrecken.Sie%20haben%20es%20gesagt%2C%20zum%20Auftakt%20treffen%20sie%20auf%20den%20AB%20Aichhalden.%20Worauf%20k%C3%B6nnen%20sich%20die%20Ausw%C3%A4rtsfahrer%20freuen%3FDa%20steht%20direkt%20ein%20echter%20Brocken%20an.%20Die%20Aichhaldener%20haben%20traditionell%20ein%20starkes%20Fundament%20mit%20einigen%20Topathleten.%20Dazu%20kommt%20das%20lautstarke%20Heimpublikum.%20Ich%20rechne%20aber%20mit%20einem%20engen%20Kampf%2C%20wo%20es%20besonders%20auf%20die%20Schl%C3%BCsselk%C3%A4mpfe%20in%20den%20mittleren%20Gewichtsklassen%20ankommen%20wird.%20Bis%2075%20Kilogramm%20griechisch-r%C3%B6misch%20waren%20letztes%20Jahr%20beispielsweise%20zwei%20enge%20und%20packende%20K%C3%A4mpfe.%20Ein%20Mannschaftspunkt%20in%20die%20eine%20oder%20andere%20Richtung%20macht%20da%20oft%20einen%20gro%C3%9Fen%20Unterschied.Zum%20Schluss%20noch%20ein%20Blick%20auf%20die%20zweite%20Mannschaft%20in%20der%20Landesklasse%2C%20hier%20gab%20es%20eine%20Umstellung%20der%20Ligeneinteilung.%20Wie%20sieht%20diese%20aus%3FDiese%20%C3%84nderung%20kommt%20uns%20sehr%20entgegen%3A%20Die%20Liga%20ist%20jetzt%20in%20zwei%20Staffeln%20geteilt%2C%20wobei%20in%20unserer%20Staffel%20alle%20Zweitvertretungen%20der%20Oberligateams%20zusammengefasst%20sind.%20Das%20verspricht%20viele%20gemeinsame%20Kampfabende%20f%C3%BCr%20unsere%20beiden%20Mannschaften%20mit%20Vor-%20und%20Hauptkampf%20gegen%20denselben%20Verein.%20Neben%20der%20gegenseitigen%20Unterst%C3%BCtzung%20am%20Mattenrand%20erhoffen%20wir%20uns%20vor%20allem%20auch%20viele%20Ausw%C3%A4rtsfahrer%2C%20die%20noch%20mehr%20Stimmung%20in%20die%20Hallen%20bringen.%20Sportlich%20hat%20unser%20Coach%20Marc%20Luithle%20viel%20Zeit%20in%20unsere%20Zweite%20investiert%2C%20um%20sie%20weiter%20an%20die%20Tabellenspitze%20zu%20bringen.%20F%C3%BCr%20sie%20beginnt%20die%20Saison%20aber%20erst%20etwas%20sp%C3%A4ter%2C%20n%C3%A4mlich%20am%2019.%20September%20ausw%C3%A4rts%20gegen%20den%20KSV%20Neckarweihingen.Herzlichen%20Dank%20f%C3%BCr%20das%20Interview%21%20' target='_blank' class='cff-linkedin-icon'><span class='fa fab fa-linkedin' aria-hidden='true'><\/span><span class='cff-screenreader'>Share on Linked In<\/span><\/a><a href='mailto:?subject=Facebook&amp;body=https%3A%2F%2Fwww.facebook.com%2F790358508790461%2Fposts%2F1954338815725752%20-%20Startschuss%20zur%20neuen%20Runde%3A%20Ehninger%20Ringer%20starten%20gegen%20den%20AB%20Aichhalden%20in%20die%20Oberligasaison%20Vor%20dem%20Saisonauftakt%20in%20der%20Oberliga%20W%C3%BCrttemberg%20konnten%20wir%20mit%20dem%20Sportlichen%20Leiter%20der%20Ringer%20des%20TSV%20Ehningen%20Fabian%20Bendl%20%C3%BCber%20seine%20Einsch%C3%A4tzungen%20und%20Erwartungen%20sprechen.%20Am%20Samstag%20um%2020%20Uhr%20treffen%20sie%20ausw%C3%A4rts%20auf%20den%20AB%20Aichhalden.Das%20Interview%20f%C3%BChrte%20Henri%20Schimmer.Fabian%20Bendl%2C%20im%20letzten%20Kampf%20der%20vergangenen%20Saison%20konnte%20der%20TSV%20Herbrechtingen%2C%20der%20zu%20diesem%20Zeitpunkt%20schon%20als%20Aufsteiger%20feststand%2C%20in%20einem%20denkw%C3%BCrdigen%20Saisonfinale%20besiegt%20werden.%20Konnten%20Sie%20diesen%20Schwung%20mit%20in%20die%20neue%20Saison%20nehmen%3FJa%2C%20das%20war%20wirklich%20ein%20gelungener%20Rundenabschluss%21%20Diese%20Kampfabende%20sind%20f%C3%BCr%20uns%20Ringer%20genauso%20wie%20f%C3%BCr%20unsere%20Zuschauer%20ein%20absolutes%20Highlight%2C%20die%20Schalkwiesenhalle%20hat%20gekocht.%20In%20den%20vielen%20Trainingseinheiten%20der%20Vorbereitung%20war%20das%20immer%20wieder%20ein%20Ansporn.Wie%20sah%20diese%20Vorbereitung%20aus%3FWir%20haben%20den%20Juli%20und%20August%20daf%C3%BCr%20intensiv%20genutzt.%20Zun%C3%A4chst%20hat%20unser%20Trainerteam%20den%20Schwerpunkt%20auf%20die%20physischen%20Grundlagen%20gelegt.%20Sp%C3%A4ter%20hat%20sich%20dieser%20dann%20mehr%20auf%20das%20Ringerische%20verschoben.%20Wir%20hatten%20zwei%20Trainingslager%20in%20unserer%20heimischen%20Trainingshalle%2C%20bevor%20wir%20f%C3%BCr%20das%20dritte%20und%20wahrscheinlich%20intensivste%20ein%20Wochenende%20im%20%C3%B6sterreichischen%20G%C3%B6tzis%20verbracht%20haben.%20Die%20hervorragenden%20Trainingsbedingungen%20dort%20haben%20wir%20f%C3%BCr%20den%20letzten%20Feinschliff%20und%20ein%20wenig%20Teambuilding%20genutzt.%20Hinzu%20kommen%20die%20drei%20regul%C3%A4ren%20Trainingseinheiten%20unter%20der%20Woche.%20Zum%20Abschluss%20hatten%20wir%20am%20vergangenen%20Samstag%20unsere%20Freunde%20vom%20ASV%20Nendingen%20zu%20Gast.%20Gemeinsam%20mit%20ihnen%20haben%20wir%20Trainingsk%C3%A4mpfe%20unter%20Wettkampfbedingungen%20durchgef%C3%BChrt.%20Unterm%20Strich%20sind%20unsere%20Jungs%20also%20top%20vorbereitet%20f%C3%BCr%20die%20Runde.Gab%20es%20beim%20Kader%20Ver%C3%A4nderungen%20zur%20letzten%20Saison%3FInsgesamt%20konnten%20wir%20unseren%20Kader%20gut%20zusammenhalten.%20Besonders%20wichtig%20sind%20hier%20unsere%20langj%C3%A4hrigen%20S%C3%A4ulen%20wie%20Kai%20R%C3%B6sch%2C%20Constatin%20Bulibasa%20und%20andere.%20Leider%20mussten%20wir%20uns%20aber%20von%20Marcel%20Flick%20verabschieden.%20Er%20hat%20sich%20f%C3%BCr%20die%20kommende%20Runde%20der%20SG%20Weilimdorf%20und%20ihrem%20Abenteuer%20Bundesliga%20angeschlossen.%20Diese%20L%C3%BCcke%20k%C3%B6nnen%20wir%20aber%20mit%20eigenen%20Sportlern%20decken.%20Neu%20im%20Kader%20ist%20daf%C3%BCr%20Daniel%20Sandu.%20Er%20kommt%20aus%20Rum%C3%A4nien%20und%20ist%20dort%20Teil%20der%20Nationalmannschaft.%20Im%20Nachwuchsbereich%20konnte%20er%20einige%20internationale%20Medaillen%20gewinnen%20und%20schlie%C3%9Ft%20in%20der%20Gewichtsklasse%20bis%2066%20Kilogramm%20Freistil%20eine%20L%C3%BCcke.%20Daneben%20wollen%20wir%20weiterhin%20unsere%20Nachwuchssportler%20in%20den%20Aktivenkader%20integrieren.Die%20letzten%20Runden%20wurden%20allesamt%20im%20Mittelfeld%20der%20Tabelle%20beendet.%20Mit%20welchen%20Erwartungen%20gehen%20Sie%20in%20die%20neue%20Saison%3FDas%20ist%20auch%20dieses%20Jahr%20wieder%20der%20Anspruch.%20Wir%20sind%20in%20Ehningen%20sehr%20stolz%20auf%20unser%20ruhiges%2C%20aber%20sehr%20verl%C3%A4ssliches%20Vereinsumfeld%2C%20mit%20dem%20wir%20uns%20seit%20%C3%BCber%2020%20Jahren%20auf%20diesem%20Niveau%20halten%20k%C3%B6nnen.%20Abseits%20davon%20ist%20die%20Liga%20mit%20den%20beiden%20Aufsteigern%20R%C3%B6hlingen%20und%20Aalen%20sicherlich%20nicht%20schw%C3%A4cher%20geworden.%20Auch%20der%20SC%20Korb%20hat%20sich%20mit%20dem%20SV%20Fellbach%20zur%20KG%20Rems-L%C3%B6wen%20zusammengeschlossen%2C%20damit%20haben%20sie%20Zugriff%20auf%20einen%20noch%20breiteren%20Kader.%20An%20der%20Tabellenspitze%20sehe%20ich%20den%20Aufsteiger%20Aalen%20zusammen%20mit%20Winzeln%20und%20unseren%20Auftaktgegner%20Aichhalden.%20Aichhalden%20und%20Winzeln%20haben%20im%20letzten%20Jahr%20beide%20knapp%20den%20Aufstieg%20verpasst.%20Das%20wollen%20die%20beiden%20Mannschaften%20jetzt%20sicherlich%20nachholen.%20Unsere%20Einstellung%20bleibt%3A%20In%20jedem%20Kampf%20alles%20geben%20und%20auch%20vor%20vermeintlichen%20Favoriten%20nicht%20zur%C3%BCckschrecken.Sie%20haben%20es%20gesagt%2C%20zum%20Auftakt%20treffen%20sie%20auf%20den%20AB%20Aichhalden.%20Worauf%20k%C3%B6nnen%20sich%20die%20Ausw%C3%A4rtsfahrer%20freuen%3FDa%20steht%20direkt%20ein%20echter%20Brocken%20an.%20Die%20Aichhaldener%20haben%20traditionell%20ein%20starkes%20Fundament%20mit%20einigen%20Topathleten.%20Dazu%20kommt%20das%20lautstarke%20Heimpublikum.%20Ich%20rechne%20aber%20mit%20einem%20engen%20Kampf%2C%20wo%20es%20besonders%20auf%20die%20Schl%C3%BCsselk%C3%A4mpfe%20in%20den%20mittleren%20Gewichtsklassen%20ankommen%20wird.%20Bis%2075%20Kilogramm%20griechisch-r%C3%B6misch%20waren%20letztes%20Jahr%20beispielsweise%20zwei%20enge%20und%20packende%20K%C3%A4mpfe.%20Ein%20Mannschaftspunkt%20in%20die%20eine%20oder%20andere%20Richtung%20macht%20da%20oft%20einen%20gro%C3%9Fen%20Unterschied.Zum%20Schluss%20noch%20ein%20Blick%20auf%20die%20zweite%20Mannschaft%20in%20der%20Landesklasse%2C%20hier%20gab%20es%20eine%20Umstellung%20der%20Ligeneinteilung.%20Wie%20sieht%20diese%20aus%3FDiese%20%C3%84nderung%20kommt%20uns%20sehr%20entgegen%3A%20Die%20Liga%20ist%20jetzt%20in%20zwei%20Staffeln%20geteilt%2C%20wobei%20in%20unserer%20Staffel%20alle%20Zweitvertretungen%20der%20Oberligateams%20zusammengefasst%20sind.%20Das%20verspricht%20viele%20gemeinsame%20Kampfabende%20f%C3%BCr%20unsere%20beiden%20Mannschaften%20mit%20Vor-%20und%20Hauptkampf%20gegen%20denselben%20Verein.%20Neben%20der%20gegenseitigen%20Unterst%C3%BCtzung%20am%20Mattenrand%20erhoffen%20wir%20uns%20vor%20allem%20auch%20viele%20Ausw%C3%A4rtsfahrer%2C%20die%20noch%20mehr%20Stimmung%20in%20die%20Hallen%20bringen.%20Sportlich%20hat%20unser%20Coach%20Marc%20Luithle%20viel%20Zeit%20in%20unsere%20Zweite%20investiert%2C%20um%20sie%20weiter%20an%20die%20Tabellenspitze%20zu%20bringen.%20F%C3%BCr%20sie%20beginnt%20die%20Saison%20aber%20erst%20etwas%20sp%C3%A4ter%2C%20n%C3%A4mlich%20am%2019.%20September%20ausw%C3%A4rts%20gegen%20den%20KSV%20Neckarweihingen.Herzlichen%20Dank%20f%C3%BCr%20das%20Interview%21%20' target='_blank' class='cff-email-icon'><span class='fa fa-envelope' aria-hidden='true'><\/span><span class='cff-screenreader'>Share by Email<\/span><\/a><span class='fa fa-play fa-rotate-90' aria-hidden='true'><\/span><\/p><\/div><\/div><\/div><div class=\"cff-item cff-video-post author-tsv-ehningen-ringen\" id=\"cff_161500680542902_1949743856185248\" ><div class=\"cff-author\"><div class=\"cff-author-text\"><p class=\"cff-page-name cff-author-date\" ><a href=\"https:\/\/facebook.com\/161500680542902\" target=\"_blank\" rel=\"nofollow noopener\" >TSV Ehningen Ringen<\/a><span class=\"cff-story\">  is at Sportanlage Schalkwiese Ehningen.<\/span><\/p><p class=\"cff-date\" > 7 days ago <\/p><\/div><div class=\"cff-author-img\"><a href=\"https:\/\/facebook.com\/161500680542902\" target=\"_blank\" rel=\"nofollow noopener\" ><img src=\"https:\/\/scontent-fra3-2.xx.fbcdn.net\/v\/t39.30808-1\/293215750_789180002241645_3472233439037542251_n.jpg?stp=c25.0.670.670a_cp0_dst-jpg_s50x50_tt6&_nc_cat=104&ccb=1-7&_nc_sid=f907e8&_nc_ohc=WJDl52DVigwQ7kNvwEK_dFa&_nc_oc=AdpjGWenUCsi-ErCOwGxQmnMC1D78CXWocueF72IrLpykM9on99oggL7Id_XnmtR4Mc&_nc_zt=24&_nc_ht=scontent-fra3-2.xx&edm=AKIiGfEEAAAA&_nc_gid=PCcmyXVrphbCDuhCHzXLYg&_nc_tpa=Q5bMBQJmS_KqlBM0qFDmbNL3i4rjHopuR01ld9IJCxS9V3sSHuMTUQX8rRZIK6HrqkiGz9H7mER3nRj6Eg&oh=00_AQLgAotRoEght5cWFy4u_03fm-9VzkAwC_aYn5buSnmtNg&oe=6AA2E0C5\" title=\"TSV Ehningen Ringen\" alt=\"TSV Ehningen Ringen\" width=40 height=40 onerror=\"this.style.display='none'\"><\/a><\/div><\/div><p class=\"cff-post-text\" ><span class=\"cff-text\" data-color=\"\">Interview zu den Regel\u00e4nderungen f\u00fcr die neue Saison mit unserem @manuel.senn.3 <br \/><br \/>#ehningenringen <\/span><span class=\"cff-expand\">... <a href=\"#\" style=\"color: #\"><span class=\"cff-more\"><\/span><span class=\"cff-less\"><\/span><\/a><\/span><\/p><p class=\"cff-media-link\"><a href=\"https:\/\/www.facebook.com\/161500680542902\/posts\/1949743856185248\" target=\"_blank\" style=\"color: #;\"><span style=\"padding-right: 5px;\" class=\"fa fas fa-video-camera fa-video\" aria-hidden=\"true\"><\/span>Video<\/a><\/p><div class=\"cff-post-links\"><a class=\"cff-viewpost-facebook\" href=\"https:\/\/www.facebook.com\/161500680542902\/posts\/1949743856185248\" title=\"View on Facebook\" target=\"_blank\" rel=\"nofollow noopener\" >View on Facebook<\/a><div class=\"cff-share-container\"><span class=\"cff-dot\" >&middot;<\/span><a class=\"cff-share-link\" href=\"https:\/\/www.facebook.com\/sharer\/sharer.php?u=https%3A%2F%2Fwww.facebook.com%2F161500680542902%2Fposts%2F1949743856185248\" title=\"Share\" >Share<\/a><p class='cff-share-tooltip'><a href='https:\/\/www.facebook.com\/sharer\/sharer.php?u=https%3A%2F%2Fwww.facebook.com%2F161500680542902%2Fposts%2F1949743856185248' target='_blank' class='cff-facebook-icon'><span class='fa fab fa-facebook-square' aria-hidden='true'><\/span><span class='cff-screenreader'>Share on Facebook<\/span><\/a><a href='https:\/\/twitter.com\/intent\/tweet?text=https%3A%2F%2Fwww.facebook.com%2F161500680542902%2Fposts%2F1949743856185248' target='_blank' class='cff-twitter-icon'><span class='fa fab fa-twitter' aria-hidden='true'><\/span><span class='cff-screenreader'>Share on Twitter<\/span><\/a><a href='https:\/\/www.linkedin.com\/shareArticle?mini=true&amp;url=https%3A%2F%2Fwww.facebook.com%2F161500680542902%2Fposts%2F1949743856185248&amp;title=Interview%20zu%20den%20Regel%C3%A4nderungen%20f%C3%BCr%20die%20neue%20Saison%20mit%20unserem%20%40manuel.senn.3%20%23ehningenringen%20' target='_blank' class='cff-linkedin-icon'><span class='fa fab fa-linkedin' aria-hidden='true'><\/span><span class='cff-screenreader'>Share on Linked In<\/span><\/a><a href='mailto:?subject=Facebook&amp;body=https%3A%2F%2Fwww.facebook.com%2F161500680542902%2Fposts%2F1949743856185248%20-%20Interview%20zu%20den%20Regel%C3%A4nderungen%20f%C3%BCr%20die%20neue%20Saison%20mit%20unserem%20%40manuel.senn.3%20%23ehningenringen%20' target='_blank' class='cff-email-icon'><span class='fa fa-envelope' aria-hidden='true'><\/span><span class='cff-screenreader'>Share by Email<\/span><\/a><span class='fa fa-play fa-rotate-90' aria-hidden='true'><\/span><\/p><\/div><\/div><\/div><div class=\"cff-item cff-video-post author-tsv-ehningen-ringen\" id=\"cff_161500680542902_1949732536186380\" ><div class=\"cff-author\"><div class=\"cff-author-text\"><p class=\"cff-page-name cff-author-date\" ><a href=\"https:\/\/facebook.com\/161500680542902\" target=\"_blank\" rel=\"nofollow noopener\" >TSV Ehningen Ringen<\/a><span class=\"cff-story\">  is at Sportanlage Schalkwiese Ehningen.<\/span><\/p><p class=\"cff-date\" > 7 days ago <\/p><\/div><div class=\"cff-author-img\"><a href=\"https:\/\/facebook.com\/161500680542902\" target=\"_blank\" rel=\"nofollow noopener\" ><img src=\"https:\/\/scontent-fra3-2.xx.fbcdn.net\/v\/t39.30808-1\/293215750_789180002241645_3472233439037542251_n.jpg?stp=c25.0.670.670a_cp0_dst-jpg_s50x50_tt6&_nc_cat=104&ccb=1-7&_nc_sid=f907e8&_nc_ohc=WJDl52DVigwQ7kNvwEK_dFa&_nc_oc=AdpjGWenUCsi-ErCOwGxQmnMC1D78CXWocueF72IrLpykM9on99oggL7Id_XnmtR4Mc&_nc_zt=24&_nc_ht=scontent-fra3-2.xx&edm=AKIiGfEEAAAA&_nc_gid=PCcmyXVrphbCDuhCHzXLYg&_nc_tpa=Q5bMBQJmS_KqlBM0qFDmbNL3i4rjHopuR01ld9IJCxS9V3sSHuMTUQX8rRZIK6HrqkiGz9H7mER3nRj6Eg&oh=00_AQLgAotRoEght5cWFy4u_03fm-9VzkAwC_aYn5buSnmtNg&oe=6AA2E0C5\" title=\"TSV Ehningen Ringen\" alt=\"TSV Ehningen Ringen\" width=40 height=40 onerror=\"this.style.display='none'\"><\/a><\/div><\/div><p class=\"cff-post-text\" ><span class=\"cff-text\" data-color=\"\">Interview zu den Regel\u00e4nderungen f\u00fcr die neue Saison mit unserem @manuel.senn.3 <br \/><br \/>#ehningenringen <\/span><span class=\"cff-expand\">... <a href=\"#\" style=\"color: #\"><span class=\"cff-more\"><\/span><span class=\"cff-less\"><\/span><\/a><\/span><\/p><p class=\"cff-media-link\"><a href=\"https:\/\/www.facebook.com\/161500680542902\/posts\/1949732536186380\" target=\"_blank\" style=\"color: #;\"><span style=\"padding-right: 5px;\" class=\"fa fas fa-video-camera fa-video\" aria-hidden=\"true\"><\/span>Video<\/a><\/p><div class=\"cff-post-links\"><a class=\"cff-viewpost-facebook\" href=\"https:\/\/www.facebook.com\/161500680542902\/posts\/1949732536186380\" title=\"View on Facebook\" target=\"_blank\" rel=\"nofollow noopener\" >View on Facebook<\/a><div class=\"cff-share-container\"><span class=\"cff-dot\" >&middot;<\/span><a class=\"cff-share-link\" href=\"https:\/\/www.facebook.com\/sharer\/sharer.php?u=https%3A%2F%2Fwww.facebook.com%2F161500680542902%2Fposts%2F1949732536186380\" title=\"Share\" >Share<\/a><p class='cff-share-tooltip'><a href='https:\/\/www.facebook.com\/sharer\/sharer.php?u=https%3A%2F%2Fwww.facebook.com%2F161500680542902%2Fposts%2F1949732536186380' target='_blank' class='cff-facebook-icon'><span class='fa fab fa-facebook-square' aria-hidden='true'><\/span><span class='cff-screenreader'>Share on Facebook<\/span><\/a><a href='https:\/\/twitter.com\/intent\/tweet?text=https%3A%2F%2Fwww.facebook.com%2F161500680542902%2Fposts%2F1949732536186380' target='_blank' class='cff-twitter-icon'><span class='fa fab fa-twitter' aria-hidden='true'><\/span><span class='cff-screenreader'>Share on Twitter<\/span><\/a><a href='https:\/\/www.linkedin.com\/shareArticle?mini=true&amp;url=https%3A%2F%2Fwww.facebook.com%2F161500680542902%2Fposts%2F1949732536186380&amp;title=Interview%20zu%20den%20Regel%C3%A4nderungen%20f%C3%BCr%20die%20neue%20Saison%20mit%20unserem%20%40manuel.senn.3%20%23ehningenringen%20' target='_blank' class='cff-linkedin-icon'><span class='fa fab fa-linkedin' aria-hidden='true'><\/span><span class='cff-screenreader'>Share on Linked In<\/span><\/a><a href='mailto:?subject=Facebook&amp;body=https%3A%2F%2Fwww.facebook.com%2F161500680542902%2Fposts%2F1949732536186380%20-%20Interview%20zu%20den%20Regel%C3%A4nderungen%20f%C3%BCr%20die%20neue%20Saison%20mit%20unserem%20%40manuel.senn.3%20%23ehningenringen%20' target='_blank' class='cff-email-icon'><span class='fa fa-envelope' aria-hidden='true'><\/span><span class='cff-screenreader'>Share by Email<\/span><\/a><span class='fa fa-play fa-rotate-90' aria-hidden='true'><\/span><\/p><\/div><\/div><\/div><div class=\"cff-item cff-video-post author-tsv-ehningen-ringen\" id=\"cff_161500680542902_1942028483623452\" ><div class=\"cff-author\"><div class=\"cff-author-text\"><p class=\"cff-page-name cff-author-date\" ><a href=\"https:\/\/facebook.com\/161500680542902\" target=\"_blank\" rel=\"nofollow noopener\" >TSV Ehningen Ringen<\/a><span class=\"cff-story\"> <\/span><\/p><p class=\"cff-date\" > 2 weeks ago <\/p><\/div><div class=\"cff-author-img\"><a href=\"https:\/\/facebook.com\/161500680542902\" target=\"_blank\" rel=\"nofollow noopener\" ><img src=\"https:\/\/scontent-fra3-2.xx.fbcdn.net\/v\/t39.30808-1\/293215750_789180002241645_3472233439037542251_n.jpg?stp=c25.0.670.670a_cp0_dst-jpg_s50x50_tt6&_nc_cat=104&ccb=1-7&_nc_sid=f907e8&_nc_ohc=WJDl52DVigwQ7kNvwEK_dFa&_nc_oc=AdpjGWenUCsi-ErCOwGxQmnMC1D78CXWocueF72IrLpykM9on99oggL7Id_XnmtR4Mc&_nc_zt=24&_nc_ht=scontent-fra3-2.xx&edm=AKIiGfEEAAAA&_nc_gid=PCcmyXVrphbCDuhCHzXLYg&_nc_tpa=Q5bMBQJmS_KqlBM0qFDmbNL3i4rjHopuR01ld9IJCxS9V3sSHuMTUQX8rRZIK6HrqkiGz9H7mER3nRj6Eg&oh=00_AQLgAotRoEght5cWFy4u_03fm-9VzkAwC_aYn5buSnmtNg&oe=6AA2E0C5\" title=\"TSV Ehningen Ringen\" alt=\"TSV Ehningen Ringen\" width=40 height=40 onerror=\"this.style.display='none'\"><\/a><\/div><\/div><p class=\"cff-post-text\" ><span class=\"cff-text\" data-color=\"\">Eindr\u00fccke von unserem Trainingslager letzte Woche <br \/><br \/>#ehningenringen <\/span><span class=\"cff-expand\">... <a href=\"#\" style=\"color: #\"><span class=\"cff-more\"><\/span><span class=\"cff-less\"><\/span><\/a><\/span><\/p><p class=\"cff-media-link\"><a href=\"https:\/\/www.facebook.com\/161500680542902\/posts\/1942028483623452\" target=\"_blank\" style=\"color: #;\"><span style=\"padding-right: 5px;\" class=\"fa fas fa-video-camera fa-video\" aria-hidden=\"true\"><\/span>Video<\/a><\/p><div class=\"cff-post-links\"><a class=\"cff-viewpost-facebook\" href=\"https:\/\/www.facebook.com\/161500680542902\/posts\/1942028483623452\" title=\"View on Facebook\" target=\"_blank\" rel=\"nofollow noopener\" >View on Facebook<\/a><div class=\"cff-share-container\"><span class=\"cff-dot\" >&middot;<\/span><a class=\"cff-share-link\" href=\"https:\/\/www.facebook.com\/sharer\/sharer.php?u=https%3A%2F%2Fwww.facebook.com%2F161500680542902%2Fposts%2F1942028483623452\" title=\"Share\" >Share<\/a><p class='cff-share-tooltip'><a href='https:\/\/www.facebook.com\/sharer\/sharer.php?u=https%3A%2F%2Fwww.facebook.com%2F161500680542902%2Fposts%2F1942028483623452' target='_blank' class='cff-facebook-icon'><span class='fa fab fa-facebook-square' aria-hidden='true'><\/span><span class='cff-screenreader'>Share on Facebook<\/span><\/a><a href='https:\/\/twitter.com\/intent\/tweet?text=https%3A%2F%2Fwww.facebook.com%2F161500680542902%2Fposts%2F1942028483623452' target='_blank' class='cff-twitter-icon'><span class='fa fab fa-twitter' aria-hidden='true'><\/span><span class='cff-screenreader'>Share on Twitter<\/span><\/a><a href='https:\/\/www.linkedin.com\/shareArticle?mini=true&amp;url=https%3A%2F%2Fwww.facebook.com%2F161500680542902%2Fposts%2F1942028483623452&amp;title=Eindr%C3%BCcke%20von%20unserem%20Trainingslager%20letzte%20Woche%20%23ehningenringen%20' target='_blank' class='cff-linkedin-icon'><span class='fa fab fa-linkedin' aria-hidden='true'><\/span><span class='cff-screenreader'>Share on Linked In<\/span><\/a><a href='mailto:?subject=Facebook&amp;body=https%3A%2F%2Fwww.facebook.com%2F161500680542902%2Fposts%2F1942028483623452%20-%20Eindr%C3%BCcke%20von%20unserem%20Trainingslager%20letzte%20Woche%20%23ehningenringen%20' target='_blank' class='cff-email-icon'><span class='fa fa-envelope' aria-hidden='true'><\/span><span class='cff-screenreader'>Share by Email<\/span><\/a><span class='fa fa-play fa-rotate-90' aria-hidden='true'><\/span><\/p><\/div><\/div><\/div><div class=\"cff-item cff-video-post author-tsv-ehningen-ringen\" id=\"cff_161500680542902_1936695580823409\" ><div class=\"cff-author\"><div class=\"cff-author-text\"><p class=\"cff-page-name cff-author-date\" ><a href=\"https:\/\/facebook.com\/161500680542902\" target=\"_blank\" rel=\"nofollow noopener\" >TSV Ehningen Ringen<\/a><span class=\"cff-story\">  is at Ringersportzentrum West.<\/span><\/p><p class=\"cff-date\" > 3 weeks ago <\/p><\/div><div class=\"cff-author-img\"><a href=\"https:\/\/facebook.com\/161500680542902\" target=\"_blank\" rel=\"nofollow noopener\" ><img src=\"https:\/\/scontent-fra3-2.xx.fbcdn.net\/v\/t39.30808-1\/293215750_789180002241645_3472233439037542251_n.jpg?stp=c25.0.670.670a_cp0_dst-jpg_s50x50_tt6&_nc_cat=104&ccb=1-7&_nc_sid=f907e8&_nc_ohc=WJDl52DVigwQ7kNvwEK_dFa&_nc_oc=AdpjGWenUCsi-ErCOwGxQmnMC1D78CXWocueF72IrLpykM9on99oggL7Id_XnmtR4Mc&_nc_zt=24&_nc_ht=scontent-fra3-2.xx&edm=AKIiGfEEAAAA&_nc_gid=PCcmyXVrphbCDuhCHzXLYg&_nc_tpa=Q5bMBQJmS_KqlBM0qFDmbNL3i4rjHopuR01ld9IJCxS9V3sSHuMTUQX8rRZIK6HrqkiGz9H7mER3nRj6Eg&oh=00_AQLgAotRoEght5cWFy4u_03fm-9VzkAwC_aYn5buSnmtNg&oe=6AA2E0C5\" title=\"TSV Ehningen Ringen\" alt=\"TSV Ehningen Ringen\" width=40 height=40 onerror=\"this.style.display='none'\"><\/a><\/div><\/div><p class=\"cff-post-text\" ><span class=\"cff-text\" data-color=\"\">Interview zur Saisonvorbereitung mit unseren sportlichen Verantwortlichen.<br \/><br \/>#ehningenringen <\/span><span class=\"cff-expand\">... <a href=\"#\" style=\"color: #\"><span class=\"cff-more\"><\/span><span class=\"cff-less\"><\/span><\/a><\/span><\/p><p class=\"cff-media-link\"><a href=\"https:\/\/www.facebook.com\/161500680542902\/posts\/1936695580823409\" target=\"_blank\" style=\"color: #;\"><span style=\"padding-right: 5px;\" class=\"fa fas fa-video-camera fa-video\" aria-hidden=\"true\"><\/span>Video<\/a><\/p><div class=\"cff-post-links\"><a class=\"cff-viewpost-facebook\" href=\"https:\/\/www.facebook.com\/161500680542902\/posts\/1936695580823409\" title=\"View on Facebook\" target=\"_blank\" rel=\"nofollow noopener\" >View on Facebook<\/a><div class=\"cff-share-container\"><span class=\"cff-dot\" >&middot;<\/span><a class=\"cff-share-link\" href=\"https:\/\/www.facebook.com\/sharer\/sharer.php?u=https%3A%2F%2Fwww.facebook.com%2F161500680542902%2Fposts%2F1936695580823409\" title=\"Share\" >Share<\/a><p class='cff-share-tooltip'><a href='https:\/\/www.facebook.com\/sharer\/sharer.php?u=https%3A%2F%2Fwww.facebook.com%2F161500680542902%2Fposts%2F1936695580823409' target='_blank' class='cff-facebook-icon'><span class='fa fab fa-facebook-square' aria-hidden='true'><\/span><span class='cff-screenreader'>Share on Facebook<\/span><\/a><a href='https:\/\/twitter.com\/intent\/tweet?text=https%3A%2F%2Fwww.facebook.com%2F161500680542902%2Fposts%2F1936695580823409' target='_blank' class='cff-twitter-icon'><span class='fa fab fa-twitter' aria-hidden='true'><\/span><span class='cff-screenreader'>Share on Twitter<\/span><\/a><a href='https:\/\/www.linkedin.com\/shareArticle?mini=true&amp;url=https%3A%2F%2Fwww.facebook.com%2F161500680542902%2Fposts%2F1936695580823409&amp;title=Interview%20zur%20Saisonvorbereitung%20mit%20unseren%20sportlichen%20Verantwortlichen.%23ehningenringen%20' target='_blank' class='cff-linkedin-icon'><span class='fa fab fa-linkedin' aria-hidden='true'><\/span><span class='cff-screenreader'>Share on Linked In<\/span><\/a><a href='mailto:?subject=Facebook&amp;body=https%3A%2F%2Fwww.facebook.com%2F161500680542902%2Fposts%2F1936695580823409%20-%20Interview%20zur%20Saisonvorbereitung%20mit%20unseren%20sportlichen%20Verantwortlichen.%23ehningenringen%20' target='_blank' class='cff-email-icon'><span class='fa fa-envelope' aria-hidden='true'><\/span><span class='cff-screenreader'>Share by Email<\/span><\/a><span class='fa fa-play fa-rotate-90' aria-hidden='true'><\/span><\/p><\/div><\/div><\/div><\/div><div class=\"cff-clear\"><\/div><\/div>\n\n\n\n<p><\/p>\n","protected":false},"excerpt":{"rendered":"<p>Willkommen auf der Webseite der German Masters 2019! Die Abteilung Ringen des TSV Ehningen l\u00e4dt als Ausrichter der &#8222;Veteranen-DM&#8220; vom 31. Mai bis zum 1. Juni 2019 ins Sportzentrum Schalkwiese. Wir laden Sie alle recht herzlich zu diesem einzigartigen Event in Ehningen ein! TSV Ehningen Ringen Facebook Feed:<\/p>\n","protected":false},"author":1,"featured_media":0,"parent":0,"menu_order":0,"comment_status":"closed","ping_status":"closed","template":"","meta":[],"_links":{"self":[{"href":"https:\/\/gm2019.de\/gm2019\/index.php?rest_route=\/wp\/v2\/pages\/8"}],"collection":[{"href":"https:\/\/gm2019.de\/gm2019\/index.php?rest_route=\/wp\/v2\/pages"}],"about":[{"href":"https:\/\/gm2019.de\/gm2019\/index.php?rest_route=\/wp\/v2\/types\/page"}],"author":[{"embeddable":true,"href":"https:\/\/gm2019.de\/gm2019\/index.php?rest_route=\/wp\/v2\/users\/1"}],"replies":[{"embeddable":true,"href":"https:\/\/gm2019.de\/gm2019\/index.php?rest_route=%2Fwp%2Fv2%2Fcomments&post=8"}],"version-history":[{"count":13,"href":"https:\/\/gm2019.de\/gm2019\/index.php?rest_route=\/wp\/v2\/pages\/8\/revisions"}],"predecessor-version":[{"id":217,"href":"https:\/\/gm2019.de\/gm2019\/index.php?rest_route=\/wp\/v2\/pages\/8\/revisions\/217"}],"wp:attachment":[{"href":"https:\/\/gm2019.de\/gm2019\/index.php?rest_route=%2Fwp%2Fv2%2Fmedia&parent=8"}],"curies":[{"name":"wp","href":"https:\/\/api.w.org\/{rel}","templated":true}]}}